{"id":4224,"date":"2020-04-07T16:50:45","date_gmt":"2020-04-07T16:50:45","guid":{"rendered":"http:\/\/dxyqq.w4yserver.at\/WP1\/publications\/"},"modified":"2026-01-13T15:50:16","modified_gmt":"2026-01-13T15:50:16","slug":"publications","status":"publish","type":"page","link":"https:\/\/www.ressler.at\/de\/publications\/","title":{"rendered":"Publikationen \u00fcber oder herausgegeben von Oliver Ressler"},"content":{"rendered":"\n<div style=\"height:60px\" aria-hidden=\"true\" class=\"wp-block-spacer\"><\/div>\n\n\n\n<hr class=\"wp-block-separator has-text-color has-css-opacity has-background is-style-wide\" style=\"background-color:#e2e2e2;color:#e2e2e2\"\/>\n\n\n\n<div class=\"wp-block-media-text alignwide is-stacked-on-mobile is-vertically-aligned-center\" style=\"grid-template-columns:19% auto\"><figure class=\"wp-block-media-text__media\"><img loading=\"lazy\" decoding=\"async\" width=\"1024\" height=\"659\" src=\"https:\/\/www.ressler.at\/wp-content\/uploads\/2026\/01\/Cover_Scenes_of_the_Invention_-1024x659.jpg\" alt=\"\" class=\"wp-image-7658 size-full\" srcset=\"https:\/\/www.ressler.at\/wp-content\/uploads\/2026\/01\/Cover_Scenes_of_the_Invention_-1024x659.jpg 1024w, https:\/\/www.ressler.at\/wp-content\/uploads\/2026\/01\/Cover_Scenes_of_the_Invention_-300x193.jpg 300w, https:\/\/www.ressler.at\/wp-content\/uploads\/2026\/01\/Cover_Scenes_of_the_Invention_-768x494.jpg 768w, https:\/\/www.ressler.at\/wp-content\/uploads\/2026\/01\/Cover_Scenes_of_the_Invention_-1536x988.jpg 1536w, https:\/\/www.ressler.at\/wp-content\/uploads\/2026\/01\/Cover_Scenes_of_the_Invention_-1920x1236.jpg 1920w, https:\/\/www.ressler.at\/wp-content\/uploads\/2026\/01\/Cover_Scenes_of_the_Invention_-1210x779.jpg 1210w, https:\/\/www.ressler.at\/wp-content\/uploads\/2026\/01\/Cover_Scenes_of_the_Invention_-1150x740.jpg 1150w, https:\/\/www.ressler.at\/wp-content\/uploads\/2026\/01\/Cover_Scenes_of_the_Invention_-834x537.jpg 834w, https:\/\/www.ressler.at\/wp-content\/uploads\/2026\/01\/Cover_Scenes_of_the_Invention_-414x266.jpg 414w, https:\/\/www.ressler.at\/wp-content\/uploads\/2026\/01\/Cover_Scenes_of_the_Invention_-360x232.jpg 360w, https:\/\/www.ressler.at\/wp-content\/uploads\/2026\/01\/Cover_Scenes_of_the_Invention_.jpg 2000w\" sizes=\"auto, (max-width: 1024px) 100vw, 1024px\" \/><\/figure><div class=\"wp-block-media-text__content\">\n<p><br><strong>Oliver Ressler. Scenes from the Invention of Democracy<\/strong><br>Museum Tinguely, Basel (Hg.), 2026, 66 S.<br><br><a href=\"https:\/\/www.tinguely.ch\/dam\/jcr:28512844-89b6-4ca3-8679-2cbb5f0dfb37\/MT_OLIVER_RESSLER_PUB.pdf\" target=\"_blank\" rel=\"noreferrer noopener\">PDF<\/a><\/p>\n<\/div><\/div>\n\n\n\n<hr class=\"wp-block-separator has-text-color has-css-opacity has-background is-style-wide\" style=\"background-color:#e2e2e2;color:#e2e2e2\"\/>\n\n\n\n<div class=\"wp-block-media-text alignwide is-stacked-on-mobile is-vertically-aligned-center\" style=\"grid-template-columns:19% auto\"><figure class=\"wp-block-media-text__media\"><img loading=\"lazy\" decoding=\"async\" width=\"766\" height=\"1024\" src=\"https:\/\/www.ressler.at\/wp-content\/uploads\/2025\/08\/Belvedere_21_Ressler_Dog_Days_Bite_Back_Cover-766x1024.png\" alt=\"\" class=\"wp-image-7595 size-full\" srcset=\"https:\/\/www.ressler.at\/wp-content\/uploads\/2025\/08\/Belvedere_21_Ressler_Dog_Days_Bite_Back_Cover-766x1024.png 766w, https:\/\/www.ressler.at\/wp-content\/uploads\/2025\/08\/Belvedere_21_Ressler_Dog_Days_Bite_Back_Cover-224x300.png 224w, https:\/\/www.ressler.at\/wp-content\/uploads\/2025\/08\/Belvedere_21_Ressler_Dog_Days_Bite_Back_Cover-768x1027.png 768w, https:\/\/www.ressler.at\/wp-content\/uploads\/2025\/08\/Belvedere_21_Ressler_Dog_Days_Bite_Back_Cover-1149x1536.png 1149w, https:\/\/www.ressler.at\/wp-content\/uploads\/2025\/08\/Belvedere_21_Ressler_Dog_Days_Bite_Back_Cover-1150x1537.png 1150w, https:\/\/www.ressler.at\/wp-content\/uploads\/2025\/08\/Belvedere_21_Ressler_Dog_Days_Bite_Back_Cover-834x1115.png 834w, https:\/\/www.ressler.at\/wp-content\/uploads\/2025\/08\/Belvedere_21_Ressler_Dog_Days_Bite_Back_Cover-414x553.png 414w, https:\/\/www.ressler.at\/wp-content\/uploads\/2025\/08\/Belvedere_21_Ressler_Dog_Days_Bite_Back_Cover-360x481.png 360w, https:\/\/www.ressler.at\/wp-content\/uploads\/2025\/08\/Belvedere_21_Ressler_Dog_Days_Bite_Back_Cover.png 1152w\" sizes=\"auto, (max-width: 766px) 100vw, 766px\" \/><\/figure><div class=\"wp-block-media-text__content\">\n<p><br><strong>Oliver Ressler: Dog Days Bite Back<\/strong><br>Stella Rollig, Luisa Ziaja (Hg.), K\u00f6ln: Verlag der Buchhandlung Walther und Franz K\u00f6nig, 124 S., 2025<br><br><a href=\"https:\/\/www.belvedere.at\/product\/5895\" target=\"_blank\" rel=\"noreferrer noopener\">INFO<\/a><\/p>\n<\/div><\/div>\n\n\n\n<hr class=\"wp-block-separator has-text-color has-css-opacity has-background is-style-wide\" style=\"background-color:#e2e2e2;color:#e2e2e2\"\/>\n\n\n\n<div class=\"wp-block-media-text alignwide is-stacked-on-mobile is-vertically-aligned-center\" style=\"grid-template-columns:19% auto\"><figure class=\"wp-block-media-text__media\"><img loading=\"lazy\" decoding=\"async\" width=\"751\" height=\"1024\" src=\"https:\/\/www.ressler.at\/wp-content\/uploads\/2023\/12\/Barricading_the_Ice_Sheets_Cover-751x1024.jpg\" alt=\"\" class=\"wp-image-7220 size-full\" srcset=\"https:\/\/www.ressler.at\/wp-content\/uploads\/2023\/12\/Barricading_the_Ice_Sheets_Cover-751x1024.jpg 751w, https:\/\/www.ressler.at\/wp-content\/uploads\/2023\/12\/Barricading_the_Ice_Sheets_Cover-220x300.jpg 220w, https:\/\/www.ressler.at\/wp-content\/uploads\/2023\/12\/Barricading_the_Ice_Sheets_Cover-768x1047.jpg 768w, https:\/\/www.ressler.at\/wp-content\/uploads\/2023\/12\/Barricading_the_Ice_Sheets_Cover-1127x1536.jpg 1127w, https:\/\/www.ressler.at\/wp-content\/uploads\/2023\/12\/Barricading_the_Ice_Sheets_Cover-1502x2048.jpg 1502w, https:\/\/www.ressler.at\/wp-content\/uploads\/2023\/12\/Barricading_the_Ice_Sheets_Cover-1920x2618.jpg 1920w, https:\/\/www.ressler.at\/wp-content\/uploads\/2023\/12\/Barricading_the_Ice_Sheets_Cover-1536x2094.jpg 1536w, https:\/\/www.ressler.at\/wp-content\/uploads\/2023\/12\/Barricading_the_Ice_Sheets_Cover-1210x1650.jpg 1210w, https:\/\/www.ressler.at\/wp-content\/uploads\/2023\/12\/Barricading_the_Ice_Sheets_Cover-1150x1568.jpg 1150w, https:\/\/www.ressler.at\/wp-content\/uploads\/2023\/12\/Barricading_the_Ice_Sheets_Cover-834x1137.jpg 834w, https:\/\/www.ressler.at\/wp-content\/uploads\/2023\/12\/Barricading_the_Ice_Sheets_Cover-414x564.jpg 414w, https:\/\/www.ressler.at\/wp-content\/uploads\/2023\/12\/Barricading_the_Ice_Sheets_Cover-360x491.jpg 360w, https:\/\/www.ressler.at\/wp-content\/uploads\/2023\/12\/Barricading_the_Ice_Sheets_Cover-scaled.jpg 1878w\" sizes=\"auto, (max-width: 751px) 100vw, 751px\" \/><\/figure><div class=\"wp-block-media-text__content\">\n<p><br><strong>Oliver Ressler. Barricading the Ice Sheets<\/strong><br>Corina Apostol, Marius Babias, Reinhard Braun, Pablo DeSoto, Gabriela Salgado, Leila Topi\u0107 (Hg.)<br>K\u00f6ln: Verlag der Buchhandlung Walther und Franz K\u00f6nig, 272 S., 2023<br><br><a href=\"https:\/\/camera-austria.at\/en\/buecher\/oliver-ressler-ed-barricading-the-ice-sheets-artists-and-climate-action-in-the-age-of-irreversible-decision\/\" target=\"_blank\" rel=\"noreferrer noopener\">I<\/a><a href=\"https:\/\/www.nbk.org\/de\/publikationen\/oliver-ressler\" target=\"_blank\" rel=\"noreferrer noopener\">NFO<\/a><\/p>\n<\/div><\/div>\n\n\n\n<hr class=\"wp-block-separator has-text-color has-css-opacity has-background is-style-wide\" style=\"background-color:#e2e2e2;color:#e2e2e2\"\/>\n\n\n\n<div class=\"wp-block-media-text alignwide is-stacked-on-mobile is-vertically-aligned-center\" style=\"grid-template-columns:19% auto\"><figure class=\"wp-block-media-text__media\"><img loading=\"lazy\" decoding=\"async\" width=\"635\" height=\"1024\" src=\"https:\/\/www.ressler.at\/wp-content\/uploads\/2020\/04\/Publication_Barricading_the_Ice_Sheets_cover-635x1024.jpg\" alt=\"\" class=\"wp-image-348 size-full\" srcset=\"https:\/\/www.ressler.at\/wp-content\/uploads\/2020\/04\/Publication_Barricading_the_Ice_Sheets_cover-635x1024.jpg 635w, https:\/\/www.ressler.at\/wp-content\/uploads\/2020\/04\/Publication_Barricading_the_Ice_Sheets_cover-186x300.jpg 186w, https:\/\/www.ressler.at\/wp-content\/uploads\/2020\/04\/Publication_Barricading_the_Ice_Sheets_cover-768x1238.jpg 768w, https:\/\/www.ressler.at\/wp-content\/uploads\/2020\/04\/Publication_Barricading_the_Ice_Sheets_cover-953x1536.jpg 953w, https:\/\/www.ressler.at\/wp-content\/uploads\/2020\/04\/Publication_Barricading_the_Ice_Sheets_cover-1270x2048.jpg 1270w, https:\/\/www.ressler.at\/wp-content\/uploads\/2020\/04\/Publication_Barricading_the_Ice_Sheets_cover-1536x2477.jpg 1536w, https:\/\/www.ressler.at\/wp-content\/uploads\/2020\/04\/Publication_Barricading_the_Ice_Sheets_cover-1210x1951.jpg 1210w, https:\/\/www.ressler.at\/wp-content\/uploads\/2020\/04\/Publication_Barricading_the_Ice_Sheets_cover-1150x1854.jpg 1150w, https:\/\/www.ressler.at\/wp-content\/uploads\/2020\/04\/Publication_Barricading_the_Ice_Sheets_cover-834x1345.jpg 834w, https:\/\/www.ressler.at\/wp-content\/uploads\/2020\/04\/Publication_Barricading_the_Ice_Sheets_cover-414x668.jpg 414w, https:\/\/www.ressler.at\/wp-content\/uploads\/2020\/04\/Publication_Barricading_the_Ice_Sheets_cover-360x580.jpg 360w, https:\/\/www.ressler.at\/wp-content\/uploads\/2020\/04\/Publication_Barricading_the_Ice_Sheets_cover.jpg 1538w\" sizes=\"auto, (max-width: 635px) 100vw, 635px\" \/><\/figure><div class=\"wp-block-media-text__content\">\n<p><br><strong>Barricading the Ice Sheets.<br>Artists and Climate Action in the Age of Irreversible Decision<\/strong><br>Oliver Ressler (Hg.)<br>Graz: Edition Camera Austria, 88 S., 2020<br><br><a href=\"https:\/\/camera-austria.at\/en\/buecher\/oliver-ressler-ed-barricading-the-ice-sheets-artists-and-climate-action-in-the-age-of-irreversible-decision\/\" target=\"_blank\" rel=\"noreferrer noopener\">INFO<\/a><\/p>\n<\/div><\/div>\n\n\n\n<hr class=\"wp-block-separator has-text-color has-css-opacity has-background is-style-wide\" style=\"background-color:#e2e2e2;color:#e2e2e2\"\/>\n\n\n\n<div class=\"wp-block-media-text alignwide is-stacked-on-mobile is-vertically-aligned-center\" style=\"grid-template-columns:19% auto\"><figure class=\"wp-block-media-text__media\"><img loading=\"lazy\" decoding=\"async\" width=\"786\" height=\"1024\" src=\"https:\/\/www.ressler.at\/wp-content\/uploads\/2020\/04\/Gathering_around_the_Wreckage_Cultural_Centre_Belgrade_cover-786x1024.jpg\" alt=\"\" class=\"wp-image-363 size-full\" srcset=\"https:\/\/www.ressler.at\/wp-content\/uploads\/2020\/04\/Gathering_around_the_Wreckage_Cultural_Centre_Belgrade_cover-786x1024.jpg 786w, https:\/\/www.ressler.at\/wp-content\/uploads\/2020\/04\/Gathering_around_the_Wreckage_Cultural_Centre_Belgrade_cover-230x300.jpg 230w, https:\/\/www.ressler.at\/wp-content\/uploads\/2020\/04\/Gathering_around_the_Wreckage_Cultural_Centre_Belgrade_cover-768x1000.jpg 768w, https:\/\/www.ressler.at\/wp-content\/uploads\/2020\/04\/Gathering_around_the_Wreckage_Cultural_Centre_Belgrade_cover-1180x1536.jpg 1180w, https:\/\/www.ressler.at\/wp-content\/uploads\/2020\/04\/Gathering_around_the_Wreckage_Cultural_Centre_Belgrade_cover-1573x2048.jpg 1573w, https:\/\/www.ressler.at\/wp-content\/uploads\/2020\/04\/Gathering_around_the_Wreckage_Cultural_Centre_Belgrade_cover-1920x2500.jpg 1920w, https:\/\/www.ressler.at\/wp-content\/uploads\/2020\/04\/Gathering_around_the_Wreckage_Cultural_Centre_Belgrade_cover-1536x2000.jpg 1536w, https:\/\/www.ressler.at\/wp-content\/uploads\/2020\/04\/Gathering_around_the_Wreckage_Cultural_Centre_Belgrade_cover-1210x1576.jpg 1210w, https:\/\/www.ressler.at\/wp-content\/uploads\/2020\/04\/Gathering_around_the_Wreckage_Cultural_Centre_Belgrade_cover-1150x1498.jpg 1150w, https:\/\/www.ressler.at\/wp-content\/uploads\/2020\/04\/Gathering_around_the_Wreckage_Cultural_Centre_Belgrade_cover-834x1086.jpg 834w, https:\/\/www.ressler.at\/wp-content\/uploads\/2020\/04\/Gathering_around_the_Wreckage_Cultural_Centre_Belgrade_cover-414x539.jpg 414w, https:\/\/www.ressler.at\/wp-content\/uploads\/2020\/04\/Gathering_around_the_Wreckage_Cultural_Centre_Belgrade_cover-360x469.jpg 360w, https:\/\/www.ressler.at\/wp-content\/uploads\/2020\/04\/Gathering_around_the_Wreckage_Cultural_Centre_Belgrade_cover.jpg 1949w\" sizes=\"auto, (max-width: 786px) 100vw, 786px\" \/><\/figure><div class=\"wp-block-media-text__content\">\n<p><br><strong>Oliver Ressler: Gathering around the Wreckage<\/strong><br>Dejan Vasi\u0107 (Hg.)<br>Belgrad: Cultural Centre of Belgrade, 48 S., 2020<\/p>\n\n\n\n<p><a href=\"https:\/\/www.ressler.at\/wp-content\/uploads\/2020\/04\/Gathering_around_the_Wreckage-Oliver-Ressler.pdf\" target=\"_blank\" rel=\"noreferrer noopener\">PDF<\/a><\/p>\n<\/div><\/div>\n\n\n\n<hr class=\"wp-block-separator has-text-color has-css-opacity has-background is-style-wide\" style=\"background-color:#e2e2e2;color:#e2e2e2\"\/>\n\n\n\n<div class=\"wp-block-media-text alignwide is-stacked-on-mobile is-vertically-aligned-center\" style=\"grid-template-columns:19% auto\"><figure class=\"wp-block-media-text__media\"><img loading=\"lazy\" decoding=\"async\" width=\"722\" height=\"1024\" src=\"https:\/\/www.ressler.at\/wp-content\/uploads\/2020\/04\/MNAC_Bucharest_catalog_cover-722x1024.jpg\" alt=\"\" class=\"wp-image-379 size-full\" srcset=\"https:\/\/www.ressler.at\/wp-content\/uploads\/2020\/04\/MNAC_Bucharest_catalog_cover-722x1024.jpg 722w, https:\/\/www.ressler.at\/wp-content\/uploads\/2020\/04\/MNAC_Bucharest_catalog_cover-211x300.jpg 211w, https:\/\/www.ressler.at\/wp-content\/uploads\/2020\/04\/MNAC_Bucharest_catalog_cover-768x1090.jpg 768w, https:\/\/www.ressler.at\/wp-content\/uploads\/2020\/04\/MNAC_Bucharest_catalog_cover-1083x1536.jpg 1083w, https:\/\/www.ressler.at\/wp-content\/uploads\/2020\/04\/MNAC_Bucharest_catalog_cover-1444x2048.jpg 1444w, https:\/\/www.ressler.at\/wp-content\/uploads\/2020\/04\/MNAC_Bucharest_catalog_cover-1536x2179.jpg 1536w, https:\/\/www.ressler.at\/wp-content\/uploads\/2020\/04\/MNAC_Bucharest_catalog_cover-1210x1717.jpg 1210w, https:\/\/www.ressler.at\/wp-content\/uploads\/2020\/04\/MNAC_Bucharest_catalog_cover-1150x1632.jpg 1150w, https:\/\/www.ressler.at\/wp-content\/uploads\/2020\/04\/MNAC_Bucharest_catalog_cover-834x1183.jpg 834w, https:\/\/www.ressler.at\/wp-content\/uploads\/2020\/04\/MNAC_Bucharest_catalog_cover-414x587.jpg 414w, https:\/\/www.ressler.at\/wp-content\/uploads\/2020\/04\/MNAC_Bucharest_catalog_cover-360x511.jpg 360w, https:\/\/www.ressler.at\/wp-content\/uploads\/2020\/04\/MNAC_Bucharest_catalog_cover.jpg 1748w\" sizes=\"auto, (max-width: 722px) 100vw, 722px\" \/><\/figure><div class=\"wp-block-media-text__content\">\n<p><br><strong>Oliver Ressler: Proprietatea e furt \/ Property Is Theft<\/strong><br>MNAC Bucuresti Editura, 36 S., 2018<\/p>\n\n\n\n<p><a rel=\"noreferrer noopener\" href=\"https:\/\/carturesti.ro\/carte\/proprietatea-e-furt-property-is-theft-380644514\" target=\"_blank\">INFO<\/a><br><a rel=\"noreferrer noopener\" href=\"https:\/\/www.ressler.at\/wp-content\/uploads\/2020\/06\/MNAC_Bucharest_catalog-pages_extract.pdf\" target=\"_blank\">PDF<\/a>  (excerpt)<\/p>\n<\/div><\/div>\n\n\n\n<hr class=\"wp-block-separator has-text-color has-css-opacity has-background is-style-wide\" style=\"background-color:#e2e2e2;color:#e2e2e2\"\/>\n\n\n\n<div class=\"wp-block-media-text alignwide is-stacked-on-mobile is-vertically-aligned-center\" style=\"grid-template-columns:18% auto\"><figure class=\"wp-block-media-text__media\"><img loading=\"lazy\" decoding=\"async\" width=\"683\" height=\"1024\" src=\"https:\/\/www.ressler.at\/wp-content\/uploads\/2020\/04\/Publication_Catastrophe_Bonds_frontcover-1-683x1024.jpg\" alt=\"\" class=\"wp-image-390 size-full\" srcset=\"https:\/\/www.ressler.at\/wp-content\/uploads\/2020\/04\/Publication_Catastrophe_Bonds_frontcover-1-683x1024.jpg 683w, https:\/\/www.ressler.at\/wp-content\/uploads\/2020\/04\/Publication_Catastrophe_Bonds_frontcover-1-200x300.jpg 200w, https:\/\/www.ressler.at\/wp-content\/uploads\/2020\/04\/Publication_Catastrophe_Bonds_frontcover-1-768x1152.jpg 768w, https:\/\/www.ressler.at\/wp-content\/uploads\/2020\/04\/Publication_Catastrophe_Bonds_frontcover-1-1024x1536.jpg 1024w, https:\/\/www.ressler.at\/wp-content\/uploads\/2020\/04\/Publication_Catastrophe_Bonds_frontcover-1-1365x2048.jpg 1365w, https:\/\/www.ressler.at\/wp-content\/uploads\/2020\/04\/Publication_Catastrophe_Bonds_frontcover-1-1536x2304.jpg 1536w, https:\/\/www.ressler.at\/wp-content\/uploads\/2020\/04\/Publication_Catastrophe_Bonds_frontcover-1-1210x1815.jpg 1210w, https:\/\/www.ressler.at\/wp-content\/uploads\/2020\/04\/Publication_Catastrophe_Bonds_frontcover-1-1150x1725.jpg 1150w, https:\/\/www.ressler.at\/wp-content\/uploads\/2020\/04\/Publication_Catastrophe_Bonds_frontcover-1-834x1251.jpg 834w, https:\/\/www.ressler.at\/wp-content\/uploads\/2020\/04\/Publication_Catastrophe_Bonds_frontcover-1-414x621.jpg 414w, https:\/\/www.ressler.at\/wp-content\/uploads\/2020\/04\/Publication_Catastrophe_Bonds_frontcover-1-360x540.jpg 360w, https:\/\/www.ressler.at\/wp-content\/uploads\/2020\/04\/Publication_Catastrophe_Bonds_frontcover-1-scaled.jpg 1707w\" sizes=\"auto, (max-width: 683px) 100vw, 683px\" \/><\/figure><div class=\"wp-block-media-text__content\">\n<p><br><strong>Oliver Ressler: Catastrophe Bonds <\/strong><br>Brandon Bauer (Hg.)<br>St. Norbert College, 64 S., 2018<\/p>\n\n\n\n<p><a href=\"https:\/\/www.ressler.at\/wp-content\/uploads\/2020\/04\/Catastrophe_Bonds-Oliver-Ressler.pdf\" target=\"_blank\" rel=\"noreferrer noopener\">PDF<\/a><\/p>\n<\/div><\/div>\n\n\n\n<hr class=\"wp-block-separator has-text-color has-background is-style-wide\" style=\"background-color:#e2e2e2;color:#e2e2e2\"\/>\n\n\n\n<div class=\"wp-block-media-text alignwide is-stacked-on-mobile is-vertically-aligned-center\" style=\"grid-template-columns:18% auto\"><figure class=\"wp-block-media-text__media\"><img loading=\"lazy\" decoding=\"async\" width=\"757\" height=\"1024\" src=\"https:\/\/www.ressler.at\/wp-content\/uploads\/2020\/07\/UP-Kat-Cover-cat-757x1024.jpg\" alt=\"\" class=\"wp-image-4793 size-full\" srcset=\"https:\/\/www.ressler.at\/wp-content\/uploads\/2020\/07\/UP-Kat-Cover-cat-757x1024.jpg 757w, https:\/\/www.ressler.at\/wp-content\/uploads\/2020\/07\/UP-Kat-Cover-cat-222x300.jpg 222w, https:\/\/www.ressler.at\/wp-content\/uploads\/2020\/07\/UP-Kat-Cover-cat-768x1039.jpg 768w, https:\/\/www.ressler.at\/wp-content\/uploads\/2020\/07\/UP-Kat-Cover-cat-1135x1536.jpg 1135w, https:\/\/www.ressler.at\/wp-content\/uploads\/2020\/07\/UP-Kat-Cover-cat-1514x2048.jpg 1514w, https:\/\/www.ressler.at\/wp-content\/uploads\/2020\/07\/UP-Kat-Cover-cat-1920x2598.jpg 1920w, https:\/\/www.ressler.at\/wp-content\/uploads\/2020\/07\/UP-Kat-Cover-cat-1536x2078.jpg 1536w, https:\/\/www.ressler.at\/wp-content\/uploads\/2020\/07\/UP-Kat-Cover-cat-1210x1637.jpg 1210w, https:\/\/www.ressler.at\/wp-content\/uploads\/2020\/07\/UP-Kat-Cover-cat-1150x1556.jpg 1150w, https:\/\/www.ressler.at\/wp-content\/uploads\/2020\/07\/UP-Kat-Cover-cat-834x1128.jpg 834w, https:\/\/www.ressler.at\/wp-content\/uploads\/2020\/07\/UP-Kat-Cover-cat-414x560.jpg 414w, https:\/\/www.ressler.at\/wp-content\/uploads\/2020\/07\/UP-Kat-Cover-cat-360x487.jpg 360w, https:\/\/www.ressler.at\/wp-content\/uploads\/2020\/07\/UP-Kat-Cover-cat-scaled.jpg 1892w\" sizes=\"auto, (max-width: 757px) 100vw, 757px\" \/><\/figure><div class=\"wp-block-media-text__content\">\n<p><br><strong>Utopian Pulse \u2013 Flares in the Darkroom <\/strong><br>Ines Doujak, Oliver Ressler (Hg.)<br>Pluto Press, 288 S., 2015<\/p>\n\n\n\n<p><a href=\"https:\/\/www.ressler.at\/wp-content\/uploads\/2020\/07\/Utopian_Pulse_publication_webversion.pdf\" target=\"_blank\" rel=\"noreferrer noopener\">PDF<\/a><\/p>\n<\/div><\/div>\n\n\n\n<hr class=\"wp-block-separator has-text-color has-css-opacity has-background is-style-wide\" style=\"background-color:#e2e2e2;color:#e2e2e2\"\/>\n\n\n\n<div class=\"wp-block-media-text alignwide is-stacked-on-mobile is-vertically-aligned-center\" style=\"grid-template-columns:18% auto\"><figure class=\"wp-block-media-text__media\"><img loading=\"lazy\" decoding=\"async\" width=\"700\" height=\"921\" src=\"https:\/\/www.ressler.at\/wp-content\/uploads\/2020\/04\/oliver-ressler_cover.jpg\" alt=\"\" class=\"wp-image-395 size-full\" srcset=\"https:\/\/www.ressler.at\/wp-content\/uploads\/2020\/04\/oliver-ressler_cover.jpg 700w, https:\/\/www.ressler.at\/wp-content\/uploads\/2020\/04\/oliver-ressler_cover-228x300.jpg 228w, https:\/\/www.ressler.at\/wp-content\/uploads\/2020\/04\/oliver-ressler_cover-414x545.jpg 414w, https:\/\/www.ressler.at\/wp-content\/uploads\/2020\/04\/oliver-ressler_cover-360x474.jpg 360w\" sizes=\"auto, (max-width: 700px) 100vw, 700px\" \/><\/figure><div class=\"wp-block-media-text__content\">\n<p><br><strong>Oliver Ressler: Cartographies of Protest<\/strong><br>Juan Antonio \u00c1lvarez Reyes, Marius Babias, Emanuele Guidi, Stella Rollig (Hg.)<br>Verlag f\u00fcr Moderne Kunst, 160 S., 2014<\/p>\n\n\n\n<p><a rel=\"noreferrer noopener\" href=\"https:\/\/vfmk.org\/shop\/oliver-ressler\" target=\"_blank\">INFO<\/a><br><a href=\"https:\/\/www.ressler.at\/wp-content\/uploads\/2020\/04\/Cartographies_of_Protest-Oliver-Ressler.pdf\" target=\"_blank\" rel=\"noreferrer noopener\">PDF<\/a><\/p>\n<\/div><\/div>\n\n\n\n<hr class=\"wp-block-separator has-text-color has-css-opacity has-background is-style-wide\" style=\"background-color:#e2e2e2;color:#e2e2e2\"\/>\n\n\n\n<div class=\"wp-block-media-text alignwide is-stacked-on-mobile is-vertically-aligned-center\" style=\"grid-template-columns:18% auto\"><figure class=\"wp-block-media-text__media\"><img loading=\"lazy\" decoding=\"async\" width=\"361\" height=\"500\" src=\"https:\/\/www.ressler.at\/wp-content\/uploads\/2020\/04\/9780745333694-us.jpg\" alt=\"\" class=\"wp-image-409 size-full\" srcset=\"https:\/\/www.ressler.at\/wp-content\/uploads\/2020\/04\/9780745333694-us.jpg 361w, https:\/\/www.ressler.at\/wp-content\/uploads\/2020\/04\/9780745333694-us-217x300.jpg 217w\" sizes=\"auto, (max-width: 361px) 100vw, 361px\" \/><\/figure><div class=\"wp-block-media-text__content\">\n<p><br><strong>It\u2019s the Political Economy, Stupid: <br>The Global Financial Crisis in Art and Theory <\/strong><br>Gregory Sholette, Oliver Ressler (Hg.)<br>Pluto Press, 192 S., 2013<br><br><a href=\"https:\/\/www.ressler.at\/wp-content\/uploads\/2025\/08\/book_ITPES_lowres.pdf\" target=\"_blank\" rel=\"noreferrer noopener\">PDF<\/a><\/p>\n<\/div><\/div>\n\n\n\n<hr class=\"wp-block-separator has-text-color has-css-opacity has-background is-style-wide\" style=\"background-color:#e2e2e2;color:#e2e2e2\"\/>\n\n\n\n<div class=\"wp-block-media-text alignwide is-stacked-on-mobile is-vertically-aligned-center\" style=\"grid-template-columns:19% auto\"><figure class=\"wp-block-media-text__media\"><img loading=\"lazy\" decoding=\"async\" width=\"668\" height=\"1024\" src=\"https:\/\/www.ressler.at\/wp-content\/uploads\/2020\/06\/Bildschirmfoto-2020-06-30-um-15.36.08-668x1024.png\" alt=\"\" class=\"wp-image-3606 size-full\" srcset=\"https:\/\/www.ressler.at\/wp-content\/uploads\/2020\/06\/Bildschirmfoto-2020-06-30-um-15.36.08-668x1024.png 668w, https:\/\/www.ressler.at\/wp-content\/uploads\/2020\/06\/Bildschirmfoto-2020-06-30-um-15.36.08-196x300.png 196w, https:\/\/www.ressler.at\/wp-content\/uploads\/2020\/06\/Bildschirmfoto-2020-06-30-um-15.36.08-768x1177.png 768w, https:\/\/www.ressler.at\/wp-content\/uploads\/2020\/06\/Bildschirmfoto-2020-06-30-um-15.36.08-834x1278.png 834w, https:\/\/www.ressler.at\/wp-content\/uploads\/2020\/06\/Bildschirmfoto-2020-06-30-um-15.36.08-414x634.png 414w, https:\/\/www.ressler.at\/wp-content\/uploads\/2020\/06\/Bildschirmfoto-2020-06-30-um-15.36.08-360x552.png 360w, https:\/\/www.ressler.at\/wp-content\/uploads\/2020\/06\/Bildschirmfoto-2020-06-30-um-15.36.08.png 845w\" sizes=\"auto, (max-width: 668px) 100vw, 668px\" \/><\/figure><div class=\"wp-block-media-text__content\">\n<p><br><strong>A World Where Many Worlds Fit<\/strong><br><strong>Un Monde dans lequel plusieurs mondes s&#8217;inscrivent<\/strong><br>Foreman Art Gallery of Bishop&#8217;s University<br>2010<br><br><a href=\"https:\/\/www.ressler.at\/wp-content\/uploads\/2020\/06\/a-world-where-many-world-fit_spreads.pdf\" target=\"_blank\" rel=\"noreferrer noopener\">PDF<\/a><\/p>\n<\/div><\/div>\n\n\n\n<hr class=\"wp-block-separator has-text-color has-css-opacity has-background is-style-wide\" style=\"background-color:#e2e2e2;color:#e2e2e2\"\/>\n\n\n\n<div class=\"wp-block-media-text alignwide is-stacked-on-mobile is-vertically-aligned-center\" style=\"grid-template-columns:18% auto\"><figure class=\"wp-block-media-text__media\"><img loading=\"lazy\" decoding=\"async\" width=\"804\" height=\"1024\" src=\"https:\/\/www.ressler.at\/wp-content\/uploads\/2020\/07\/Layout_AEAS_Cover_de-804x1024.jpg\" alt=\"\" class=\"wp-image-4715 size-full\" srcset=\"https:\/\/www.ressler.at\/wp-content\/uploads\/2020\/07\/Layout_AEAS_Cover_de-804x1024.jpg 804w, https:\/\/www.ressler.at\/wp-content\/uploads\/2020\/07\/Layout_AEAS_Cover_de-235x300.jpg 235w, https:\/\/www.ressler.at\/wp-content\/uploads\/2020\/07\/Layout_AEAS_Cover_de-768x979.jpg 768w, https:\/\/www.ressler.at\/wp-content\/uploads\/2020\/07\/Layout_AEAS_Cover_de-1206x1536.jpg 1206w, https:\/\/www.ressler.at\/wp-content\/uploads\/2020\/07\/Layout_AEAS_Cover_de-1607x2048.jpg 1607w, https:\/\/www.ressler.at\/wp-content\/uploads\/2020\/07\/Layout_AEAS_Cover_de-1920x2446.jpg 1920w, https:\/\/www.ressler.at\/wp-content\/uploads\/2020\/07\/Layout_AEAS_Cover_de-1536x1957.jpg 1536w, https:\/\/www.ressler.at\/wp-content\/uploads\/2020\/07\/Layout_AEAS_Cover_de-1210x1542.jpg 1210w, https:\/\/www.ressler.at\/wp-content\/uploads\/2020\/07\/Layout_AEAS_Cover_de-1150x1465.jpg 1150w, https:\/\/www.ressler.at\/wp-content\/uploads\/2020\/07\/Layout_AEAS_Cover_de-834x1063.jpg 834w, https:\/\/www.ressler.at\/wp-content\/uploads\/2020\/07\/Layout_AEAS_Cover_de-414x527.jpg 414w, https:\/\/www.ressler.at\/wp-content\/uploads\/2020\/07\/Layout_AEAS_Cover_de-360x459.jpg 360w, https:\/\/www.ressler.at\/wp-content\/uploads\/2020\/07\/Layout_AEAS_Cover_de-scaled.jpg 2009w\" sizes=\"auto, (max-width: 804px) 100vw, 804px\" \/><\/figure><div class=\"wp-block-media-text__content\">\n<p><br><\/p>\n\n\n\n<p><strong>Alternative \u00d6konomien, Alternative Gesellschaften<\/strong><br>Oliver Ressler (Hg.)<br>Promedia, 232 S., 2008<\/p>\n\n\n\n<p><a rel=\"noreferrer noopener\" href=\"https:\/\/mediashop.at\/buecher\/alternative-oekonomien-alternative-gesellschaften\/\" target=\"_blank\">INFO<\/a><\/p>\n<\/div><\/div>\n\n\n\n<hr class=\"wp-block-separator has-text-color has-background is-style-wide\" style=\"background-color:#e2e2e2;color:#e2e2e2\"\/>\n\n\n\n<div class=\"wp-block-media-text alignwide is-stacked-on-mobile is-vertically-aligned-center\" style=\"grid-template-columns:18% auto\"><figure class=\"wp-block-media-text__media\"><img loading=\"lazy\" decoding=\"async\" width=\"387\" height=\"499\" src=\"https:\/\/www.ressler.at\/wp-content\/uploads\/2020\/04\/aeas.jpg\" alt=\"\" class=\"wp-image-411 size-full\" srcset=\"https:\/\/www.ressler.at\/wp-content\/uploads\/2020\/04\/aeas.jpg 387w, https:\/\/www.ressler.at\/wp-content\/uploads\/2020\/04\/aeas-233x300.jpg 233w, https:\/\/www.ressler.at\/wp-content\/uploads\/2020\/04\/aeas-360x464.jpg 360w\" sizes=\"auto, (max-width: 387px) 100vw, 387px\" \/><\/figure><div class=\"wp-block-media-text__content\">\n<p><br><strong>Alternative Economics, Alternative Societies<\/strong><br>Aneta Szylak, Oliver Ressler (Hg.)<br>Wyspa Institute of Art, 240 S., 2007<br><br><a rel=\"noreferrer noopener\" href=\"https:\/\/www.ressler.at\/wp-content\/uploads\/2020\/04\/AEAS-Oliver-Ressler.pdf\" target=\"_blank\">PDF<\/a><\/p>\n<\/div><\/div>\n\n\n\n<hr class=\"wp-block-separator has-text-color has-css-opacity has-background is-style-wide\" style=\"background-color:#e2e2e2;color:#e2e2e2\"\/>\n\n\n\n<div class=\"wp-block-media-text alignwide is-stacked-on-mobile is-vertically-aligned-center\" style=\"grid-template-columns:18% auto\"><figure class=\"wp-block-media-text__media\"><img loading=\"lazy\" decoding=\"async\" width=\"682\" height=\"1024\" src=\"https:\/\/www.ressler.at\/wp-content\/uploads\/2020\/07\/MATRIX1-English_cover-682x1024.jpg\" alt=\"\" class=\"wp-image-4692 size-full\" srcset=\"https:\/\/www.ressler.at\/wp-content\/uploads\/2020\/07\/MATRIX1-English_cover-682x1024.jpg 682w, https:\/\/www.ressler.at\/wp-content\/uploads\/2020\/07\/MATRIX1-English_cover-200x300.jpg 200w, https:\/\/www.ressler.at\/wp-content\/uploads\/2020\/07\/MATRIX1-English_cover-768x1153.jpg 768w, https:\/\/www.ressler.at\/wp-content\/uploads\/2020\/07\/MATRIX1-English_cover-1023x1536.jpg 1023w, https:\/\/www.ressler.at\/wp-content\/uploads\/2020\/07\/MATRIX1-English_cover-1150x1726.jpg 1150w, https:\/\/www.ressler.at\/wp-content\/uploads\/2020\/07\/MATRIX1-English_cover-834x1252.jpg 834w, https:\/\/www.ressler.at\/wp-content\/uploads\/2020\/07\/MATRIX1-English_cover-414x622.jpg 414w, https:\/\/www.ressler.at\/wp-content\/uploads\/2020\/07\/MATRIX1-English_cover-360x540.jpg 360w, https:\/\/www.ressler.at\/wp-content\/uploads\/2020\/07\/MATRIX1-English_cover.jpg 1199w\" sizes=\"auto, (max-width: 682px) 100vw, 682px\" \/><\/figure><div class=\"wp-block-media-text__content\">\n<p><br><strong>Now-Time Venezuela. Media Along the Path of the Bolivarian Process. Part 1: Worker-Controlled Factories<br><\/strong>Berkeley Art Museum, 32 S., 2006<br><br><a rel=\"noreferrer noopener\" href=\"https:\/\/www.ressler.at\/wp-content\/uploads\/2020\/06\/MATRIX1-English.pdf\" target=\"_blank\">PDF<\/a><\/p>\n<\/div><\/div>\n\n\n\n<div class=\"wp-block-group\"><div class=\"wp-block-group__inner-container is-layout-flow wp-block-group-is-layout-flow\">\n<hr class=\"wp-block-separator has-text-color has-background is-style-wide\" style=\"background-color:#e2e2e2;color:#e2e2e2\"\/>\n<\/div><\/div>\n\n\n\n<div class=\"wp-block-media-text alignwide is-stacked-on-mobile is-vertically-aligned-center\" style=\"grid-template-columns:18% auto\"><figure class=\"wp-block-media-text__media\"><img loading=\"lazy\" decoding=\"async\" width=\"703\" height=\"1024\" src=\"https:\/\/www.ressler.at\/wp-content\/uploads\/2020\/07\/Kuda_AEAS_Eng_Cover_crop-703x1024.jpg\" alt=\"\" class=\"wp-image-4695 size-full\" srcset=\"https:\/\/www.ressler.at\/wp-content\/uploads\/2020\/07\/Kuda_AEAS_Eng_Cover_crop-703x1024.jpg 703w, https:\/\/www.ressler.at\/wp-content\/uploads\/2020\/07\/Kuda_AEAS_Eng_Cover_crop-206x300.jpg 206w, https:\/\/www.ressler.at\/wp-content\/uploads\/2020\/07\/Kuda_AEAS_Eng_Cover_crop-768x1118.jpg 768w, https:\/\/www.ressler.at\/wp-content\/uploads\/2020\/07\/Kuda_AEAS_Eng_Cover_crop-1055x1536.jpg 1055w, https:\/\/www.ressler.at\/wp-content\/uploads\/2020\/07\/Kuda_AEAS_Eng_Cover_crop-1407x2048.jpg 1407w, https:\/\/www.ressler.at\/wp-content\/uploads\/2020\/07\/Kuda_AEAS_Eng_Cover_crop-1920x2795.jpg 1920w, https:\/\/www.ressler.at\/wp-content\/uploads\/2020\/07\/Kuda_AEAS_Eng_Cover_crop-1536x2236.jpg 1536w, https:\/\/www.ressler.at\/wp-content\/uploads\/2020\/07\/Kuda_AEAS_Eng_Cover_crop-1210x1762.jpg 1210w, https:\/\/www.ressler.at\/wp-content\/uploads\/2020\/07\/Kuda_AEAS_Eng_Cover_crop-1150x1674.jpg 1150w, https:\/\/www.ressler.at\/wp-content\/uploads\/2020\/07\/Kuda_AEAS_Eng_Cover_crop-834x1214.jpg 834w, https:\/\/www.ressler.at\/wp-content\/uploads\/2020\/07\/Kuda_AEAS_Eng_Cover_crop-414x603.jpg 414w, https:\/\/www.ressler.at\/wp-content\/uploads\/2020\/07\/Kuda_AEAS_Eng_Cover_crop-360x524.jpg 360w, https:\/\/www.ressler.at\/wp-content\/uploads\/2020\/07\/Kuda_AEAS_Eng_Cover_crop-scaled.jpg 1758w\" sizes=\"auto, (max-width: 703px) 100vw, 703px\" \/><\/figure><div class=\"wp-block-media-text__content\">\n<p><br><strong>Alternative Economics, Alternative Societies<\/strong><br>New Media Center_&nbsp;<a href=\"http:\/\/kuda.org\/\">kuda.org<\/a>&nbsp;(Hg.)<br>Revolver \u2013 Archiv f\u00fcr aktuelle Kunst, 72 S., 2005<br><br><a rel=\"noreferrer noopener\" href=\"https:\/\/www.ressler.at\/wp-content\/uploads\/2020\/04\/Alternative_Economics_Alternative_Societies_kuda.org_.pdf\" target=\"_blank\">PDF<\/a><\/p>\n<\/div><\/div>\n\n\n\n<hr class=\"wp-block-separator has-text-color has-background is-style-wide\" style=\"background-color:#e2e2e2;color:#e2e2e2\"\/>\n\n\n\n<div class=\"wp-block-media-text alignwide is-stacked-on-mobile is-vertically-aligned-center\" style=\"grid-template-columns:19% auto\"><figure class=\"wp-block-media-text__media\"><img loading=\"lazy\" decoding=\"async\" width=\"725\" height=\"1024\" src=\"https:\/\/www.ressler.at\/wp-content\/uploads\/2020\/07\/cover-eucc-1-725x1024.png\" alt=\"\" class=\"wp-image-3998 size-full\" srcset=\"https:\/\/www.ressler.at\/wp-content\/uploads\/2020\/07\/cover-eucc-1-725x1024.png 725w, https:\/\/www.ressler.at\/wp-content\/uploads\/2020\/07\/cover-eucc-1-212x300.png 212w, https:\/\/www.ressler.at\/wp-content\/uploads\/2020\/07\/cover-eucc-1-768x1085.png 768w, https:\/\/www.ressler.at\/wp-content\/uploads\/2020\/07\/cover-eucc-1-834x1178.png 834w, https:\/\/www.ressler.at\/wp-content\/uploads\/2020\/07\/cover-eucc-1-414x585.png 414w, https:\/\/www.ressler.at\/wp-content\/uploads\/2020\/07\/cover-eucc-1-360x509.png 360w, https:\/\/www.ressler.at\/wp-content\/uploads\/2020\/07\/cover-eucc-1.png 916w\" sizes=\"auto, (max-width: 725px) 100vw, 725px\" \/><\/figure><div class=\"wp-block-media-text__content\">\n<p><strong>European Corrections Corporation<\/strong><br>Martin Krenn, Oliver Ressler (Hg.)<br>Revolver \u2013 Archiv f\u00fcr Aktuelle Kunst,  24 S., 2004<br><br><a href=\"https:\/\/www.ressler.at\/wp-content\/uploads\/2020\/07\/eucc_screen-single-pages.pdf\" target=\"_blank\" rel=\"noreferrer noopener\">PDF<\/a><\/p>\n<\/div><\/div>\n\n\n\n<hr class=\"wp-block-separator has-text-color has-css-opacity has-background is-style-wide\" style=\"background-color:#e2e2e2;color:#e2e2e2\"\/>\n\n\n\n<div class=\"wp-block-media-text alignwide is-stacked-on-mobile is-vertically-aligned-center\" style=\"grid-template-columns:19% auto\"><figure class=\"wp-block-media-text__media\"><img loading=\"lazy\" decoding=\"async\" width=\"723\" height=\"1024\" src=\"https:\/\/www.ressler.at\/wp-content\/uploads\/2020\/06\/Bildschirmfoto-2020-06-30-um-15.57.55-723x1024.png\" alt=\"\" class=\"wp-image-3611 size-full\" srcset=\"https:\/\/www.ressler.at\/wp-content\/uploads\/2020\/06\/Bildschirmfoto-2020-06-30-um-15.57.55-723x1024.png 723w, https:\/\/www.ressler.at\/wp-content\/uploads\/2020\/06\/Bildschirmfoto-2020-06-30-um-15.57.55-212x300.png 212w, https:\/\/www.ressler.at\/wp-content\/uploads\/2020\/06\/Bildschirmfoto-2020-06-30-um-15.57.55-768x1088.png 768w, https:\/\/www.ressler.at\/wp-content\/uploads\/2020\/06\/Bildschirmfoto-2020-06-30-um-15.57.55-834x1182.png 834w, https:\/\/www.ressler.at\/wp-content\/uploads\/2020\/06\/Bildschirmfoto-2020-06-30-um-15.57.55-414x587.png 414w, https:\/\/www.ressler.at\/wp-content\/uploads\/2020\/06\/Bildschirmfoto-2020-06-30-um-15.57.55-360x510.png 360w, https:\/\/www.ressler.at\/wp-content\/uploads\/2020\/06\/Bildschirmfoto-2020-06-30-um-15.57.55.png 914w\" sizes=\"auto, (max-width: 723px) 100vw, 723px\" \/><\/figure><div class=\"wp-block-media-text__content\">\n<p><strong>Boom!<\/strong> <br>Oliver Ressler, David Thorne (Hg.)<br>2002<\/p>\n\n\n\n<p><a href=\"https:\/\/www.ressler.at\/wp-content\/uploads\/2020\/07\/Boom_single-pages.pdf\" target=\"_blank\" rel=\"noreferrer noopener\">PDF<\/a><\/p>\n<\/div><\/div>\n\n\n\n<hr class=\"wp-block-separator has-text-color has-css-opacity has-background is-style-wide\" style=\"background-color:#e2e2e2;color:#e2e2e2\"\/>\n\n\n\n<div class=\"wp-block-media-text alignwide is-stacked-on-mobile is-vertically-aligned-center\" style=\"grid-template-columns:19% auto\"><figure class=\"wp-block-media-text__media\"><img loading=\"lazy\" decoding=\"async\" width=\"738\" height=\"1024\" src=\"https:\/\/www.ressler.at\/wp-content\/uploads\/2020\/06\/Bildschirmfoto-2020-06-30-um-16.07.44-738x1024.png\" alt=\"\" class=\"wp-image-3619 size-full\" srcset=\"https:\/\/www.ressler.at\/wp-content\/uploads\/2020\/06\/Bildschirmfoto-2020-06-30-um-16.07.44-738x1024.png 738w, https:\/\/www.ressler.at\/wp-content\/uploads\/2020\/06\/Bildschirmfoto-2020-06-30-um-16.07.44-216x300.png 216w, https:\/\/www.ressler.at\/wp-content\/uploads\/2020\/06\/Bildschirmfoto-2020-06-30-um-16.07.44-768x1066.png 768w, https:\/\/www.ressler.at\/wp-content\/uploads\/2020\/06\/Bildschirmfoto-2020-06-30-um-16.07.44-834x1157.png 834w, https:\/\/www.ressler.at\/wp-content\/uploads\/2020\/06\/Bildschirmfoto-2020-06-30-um-16.07.44-414x574.png 414w, https:\/\/www.ressler.at\/wp-content\/uploads\/2020\/06\/Bildschirmfoto-2020-06-30-um-16.07.44-360x499.png 360w, https:\/\/www.ressler.at\/wp-content\/uploads\/2020\/06\/Bildschirmfoto-2020-06-30-um-16.07.44.png 906w\" sizes=\"auto, (max-width: 738px) 100vw, 738px\" \/><\/figure><div class=\"wp-block-media-text__content\">\n<p><br><strong>Dienstleistung: Fluchthilfe<br>Border Crossing Services<\/strong><br>Martin Krenn, Oliver Ressler (Hg.)<br>Edition Selene, 52 S., 2001<br><br><a href=\"https:\/\/www.ressler.at\/wp-content\/uploads\/2020\/06\/Publication_Border_Crossing_Services-1.pdf\" target=\"_blank\" rel=\"noreferrer noopener\">PDF<\/a><\/p>\n<\/div><\/div>\n\n\n\n<hr class=\"wp-block-separator has-text-color has-css-opacity has-background is-style-wide\" style=\"background-color:#e2e2e2;color:#e2e2e2\"\/>\n\n\n\n<div class=\"wp-block-media-text alignwide is-stacked-on-mobile is-vertically-aligned-center\" style=\"grid-template-columns:19% auto\"><figure class=\"wp-block-media-text__media\"><img loading=\"lazy\" decoding=\"async\" width=\"740\" height=\"1024\" src=\"https:\/\/www.ressler.at\/wp-content\/uploads\/2020\/10\/nachhaltige-propaganda-cover-740x1024.png\" alt=\"\" class=\"wp-image-5863 size-full\" srcset=\"https:\/\/www.ressler.at\/wp-content\/uploads\/2020\/10\/nachhaltige-propaganda-cover-740x1024.png 740w, https:\/\/www.ressler.at\/wp-content\/uploads\/2020\/10\/nachhaltige-propaganda-cover-217x300.png 217w, https:\/\/www.ressler.at\/wp-content\/uploads\/2020\/10\/nachhaltige-propaganda-cover-768x1063.png 768w, https:\/\/www.ressler.at\/wp-content\/uploads\/2020\/10\/nachhaltige-propaganda-cover-834x1154.png 834w, https:\/\/www.ressler.at\/wp-content\/uploads\/2020\/10\/nachhaltige-propaganda-cover-414x573.png 414w, https:\/\/www.ressler.at\/wp-content\/uploads\/2020\/10\/nachhaltige-propaganda-cover-360x498.png 360w, https:\/\/www.ressler.at\/wp-content\/uploads\/2020\/10\/nachhaltige-propaganda-cover.png 894w\" sizes=\"auto, (max-width: 740px) 100vw, 740px\" \/><\/figure><div class=\"wp-block-media-text__content\">\n<p><br><strong>Nachhaltige Propaganda<\/strong><br>Oliver Ressler (Hg.)<br>Vienna: Edition Selene, 50 S., 2000<br><br><a href=\"https:\/\/www.ressler.at\/wp-content\/uploads\/2020\/10\/Nachhaltige-Propaganda-publikation.pdf\" target=\"_blank\" rel=\"noreferrer noopener\">PDF <\/a><\/p>\n<\/div><\/div>\n\n\n\n<hr class=\"wp-block-separator has-text-color has-css-opacity has-background is-style-wide\" style=\"background-color:#e2e2e2;color:#e2e2e2\"\/>\n\n\n\n<div class=\"wp-block-media-text alignwide is-stacked-on-mobile\" style=\"grid-template-columns:19% auto\"><figure class=\"wp-block-media-text__media\"><img loading=\"lazy\" decoding=\"async\" width=\"608\" height=\"1024\" src=\"https:\/\/www.ressler.at\/wp-content\/uploads\/2020\/07\/front-cover-the-global-500-608x1024.png\" alt=\"\" class=\"wp-image-4088 size-full\" srcset=\"https:\/\/www.ressler.at\/wp-content\/uploads\/2020\/07\/front-cover-the-global-500-608x1024.png 608w, https:\/\/www.ressler.at\/wp-content\/uploads\/2020\/07\/front-cover-the-global-500-178x300.png 178w, https:\/\/www.ressler.at\/wp-content\/uploads\/2020\/07\/front-cover-the-global-500-414x697.png 414w, https:\/\/www.ressler.at\/wp-content\/uploads\/2020\/07\/front-cover-the-global-500-360x606.png 360w, https:\/\/www.ressler.at\/wp-content\/uploads\/2020\/07\/front-cover-the-global-500.png 768w\" sizes=\"auto, (max-width: 608px) 100vw, 608px\" \/><\/figure><div class=\"wp-block-media-text__content\">\n<p><br><strong>The Global 500<\/strong><br>Oliver Ressler (Hg.)<br>Edition Selene, 112 S., 1999<br><br><a href=\"https:\/\/www.ressler.at\/wp-content\/uploads\/2020\/07\/the-global-500_screen-3.pdf\" target=\"_blank\" rel=\"noreferrer noopener\">PDF <\/a><\/p>\n<\/div><\/div>\n\n\n\n<hr class=\"wp-block-separator has-text-color has-css-opacity has-background is-style-wide\" style=\"background-color:#e2e2e2;color:#e2e2e2\"\/>\n\n\n\n<div class=\"wp-block-media-text alignwide is-stacked-on-mobile is-vertically-aligned-center\" style=\"grid-template-columns:19% auto\"><figure class=\"wp-block-media-text__media\"><img loading=\"lazy\" decoding=\"async\" width=\"882\" height=\"996\" src=\"https:\/\/www.ressler.at\/wp-content\/uploads\/2020\/10\/gegen-welten-cover-1.png\" alt=\"\" class=\"wp-image-5817 size-full\" srcset=\"https:\/\/www.ressler.at\/wp-content\/uploads\/2020\/10\/gegen-welten-cover-1.png 882w, https:\/\/www.ressler.at\/wp-content\/uploads\/2020\/10\/gegen-welten-cover-1-266x300.png 266w, https:\/\/www.ressler.at\/wp-content\/uploads\/2020\/10\/gegen-welten-cover-1-768x867.png 768w, https:\/\/www.ressler.at\/wp-content\/uploads\/2020\/10\/gegen-welten-cover-1-834x942.png 834w, https:\/\/www.ressler.at\/wp-content\/uploads\/2020\/10\/gegen-welten-cover-1-414x468.png 414w, https:\/\/www.ressler.at\/wp-content\/uploads\/2020\/10\/gegen-welten-cover-1-360x407.png 360w\" sizes=\"auto, (max-width: 882px) 100vw, 882px\" \/><\/figure><div class=\"wp-block-media-text__content\">\n<p><br><strong>geGen-Welten<\/strong><br><strong>Widerst\u00e4nde gegen Gentechnologien<\/strong><br>Oliver Ressler (Hg.)<br>Vienna: Edition Selene, 85 S., 1998<br><br><a href=\"https:\/\/www.ressler.at\/wp-content\/uploads\/2020\/10\/geGen-Welten-Publikation-screen.pdf\" target=\"_blank\" rel=\"noreferrer noopener\">PDF <\/a><\/p>\n<\/div><\/div>\n\n\n\n<hr class=\"wp-block-separator has-text-color has-css-opacity has-background is-style-wide\" style=\"background-color:#e2e2e2;color:#e2e2e2\"\/>\n\n\n\n<div class=\"wp-block-media-text alignwide is-stacked-on-mobile is-vertically-aligned-center\" style=\"grid-template-columns:19% auto\"><figure class=\"wp-block-media-text__media\"><img loading=\"lazy\" decoding=\"async\" width=\"768\" height=\"1024\" src=\"https:\/\/www.ressler.at\/wp-content\/uploads\/2020\/07\/cover-institutional-racisms-768x1024.png\" alt=\"\" class=\"wp-image-4011 size-full\" srcset=\"https:\/\/www.ressler.at\/wp-content\/uploads\/2020\/07\/cover-institutional-racisms-768x1024.png 768w, https:\/\/www.ressler.at\/wp-content\/uploads\/2020\/07\/cover-institutional-racisms-225x300.png 225w, https:\/\/www.ressler.at\/wp-content\/uploads\/2020\/07\/cover-institutional-racisms-834x1112.png 834w, https:\/\/www.ressler.at\/wp-content\/uploads\/2020\/07\/cover-institutional-racisms-414x552.png 414w, https:\/\/www.ressler.at\/wp-content\/uploads\/2020\/07\/cover-institutional-racisms-360x480.png 360w, https:\/\/www.ressler.at\/wp-content\/uploads\/2020\/07\/cover-institutional-racisms.png 969w\" sizes=\"auto, (max-width: 768px) 100vw, 768px\" \/><\/figure><div class=\"wp-block-media-text__content\">\n<p><br><strong><strong>Institutionelle Rassismen \/ Institutional Racisms<\/strong><\/strong><br>Oliver Ressler, Martin Krenn (Hg.)<br>1997<br><br><a href=\"https:\/\/www.ressler.at\/wp-content\/uploads\/2020\/07\/Institutional_Racisms_publication_screen.pdf\" target=\"_blank\" rel=\"noreferrer noopener\">PDF <\/a><\/p>\n<\/div><\/div>\n\n\n\n<p><\/p>\n","protected":false},"excerpt":{"rendered":"<p>Oliver Ressler. Scenes from the Invention of DemocracyMuseum Tinguely, Basel (Hg.), 2026, 66 S. PDF Oliver Ressler: Dog Days Bite BackStella Rollig, Luisa Ziaja (Hg.), K\u00f6ln: Verlag der Buchhandlung Walther und Franz K\u00f6nig, 124 S., 2025 INFO Oliver Ressler. Barricading the Ice SheetsCorina Apostol, Marius Babias, Reinhard Braun, Pablo DeSoto, Gabriela Salgado, Leila Topi\u0107 (Hg.)K\u00f6ln: [&hellip;]<\/p>\n","protected":false},"author":1,"featured_media":0,"parent":0,"menu_order":0,"comment_status":"closed","ping_status":"closed","template":"","meta":{"_acf_changed":false,"footnotes":""},"class_list":["post-4224","page","type-page","status-publish","hentry"],"acf":[],"_links":{"self":[{"href":"https:\/\/www.ressler.at\/de\/wp-json\/wp\/v2\/pages\/4224","targetHints":{"allow":["GET"]}}],"collection":[{"href":"https:\/\/www.ressler.at\/de\/wp-json\/wp\/v2\/pages"}],"about":[{"href":"https:\/\/www.ressler.at\/de\/wp-json\/wp\/v2\/types\/page"}],"author":[{"embeddable":true,"href":"https:\/\/www.ressler.at\/de\/wp-json\/wp\/v2\/users\/1"}],"replies":[{"embeddable":true,"href":"https:\/\/www.ressler.at\/de\/wp-json\/wp\/v2\/comments?post=4224"}],"version-history":[{"count":22,"href":"https:\/\/www.ressler.at\/de\/wp-json\/wp\/v2\/pages\/4224\/revisions"}],"predecessor-version":[{"id":7666,"href":"https:\/\/www.ressler.at\/de\/wp-json\/wp\/v2\/pages\/4224\/revisions\/7666"}],"wp:attachment":[{"href":"https:\/\/www.ressler.at\/de\/wp-json\/wp\/v2\/media?parent=4224"}],"curies":[{"name":"wp","href":"https:\/\/api.w.org\/{rel}","templated":true}]}}